{"id":151429,"date":"2025-02-13T22:09:13","date_gmt":"2025-02-13T20:09:13","guid":{"rendered":"https:\/\/joyana.fr\/ja\/?post_type=product&#038;p=151429"},"modified":"2025-02-13T22:13:18","modified_gmt":"2025-02-13T20:13:18","slug":"let-me-fall-but-not-the-bird-ryol","status":"publish","type":"product","link":"https:\/\/joyana.fr\/ja\/gallery\/let-me-fall-but-not-the-bird-ryol\/","title":{"rendered":"LET ME FALL BUT NOT THE BIRD &#8211; RYOL"},"content":{"rendered":"<p><span class=\"OYPEnA font-feature-liga-off font-feature-clig-off font-feature-calt-off text-decoration-none text-strikethrough-none\">RYOL<\/span><span class=\"OYPEnA font-feature-liga-off font-feature-clig-off font-feature-calt-off text-decoration-none text-strikethrough-none\"> is an exceptional artist whose work masterfully combines bold creativity with intricate precision. Known for his striking compositions and innovative use of color and texture, he creates pieces that captivate and inspire. His art often explores themes of identity, emotion, and the connection between tradition and modernity, offering viewers a profound and thought-provoking experience. his dedication to pushing artistic boundaries has earned him widespread acclaim, solidifying his place as a visionary voice in the contemporary art world.<\/span><\/p>\n","protected":false},"excerpt":{"rendered":"<p>Title : LET ME FALL BUT NOT THE BIRD<\/p>\n<p>Dimensions : <span class=\"OYPEnA font-feature-liga-off font-feature-clig-off font-feature-calt-off text-decoration-none text-strikethrough-none\">22,75&#215;30,5CM<\/span><\/p>\n<p>Techniques : <span class=\"OYPEnA font-feature-liga-off font-feature-clig-off font-feature-calt-off text-decoration-none text-strikethrough-none\">Colored Pencils, Acrylic on Paper (<\/span><span class=\"OYPEnA font-feature-liga-off font-feature-clig-off font-feature-calt-off text-decoration-none text-strikethrough-none\">SPECIALLY FRAMED)<\/span><\/p>\n","protected":false},"author":629,"featured_media":0,"template":"","meta":{"_coblocks_attr":"","_coblocks_dimensions":"","_coblocks_responsive_height":"","_coblocks_accordion_ie_support":"","_uag_custom_page_level_css":"","advgb_blocks_editor_width":"","advgb_blocks_columns_visual_guide":"","_genesis_hide_title":false,"_genesis_hide_breadcrumbs":false,"_genesis_hide_singular_image":false,"_genesis_hide_footer_widgets":false,"_genesis_custom_body_class":"","_genesis_custom_post_class":"","_genesis_layout":"full-width-content","_themeisle_gutenberg_block_has_review":false},"product_cat":[5421,5668,5259],"product_tag":[],"class_list":{"0":"post-151429","1":"product","2":"type-product","3":"status-publish","5":"product_cat-oeuvres-sur-demande","6":"product_cat-ryol","7":"product_cat-toile","8":"entry","10":"first","11":"instock","12":"shipping-taxable","13":"product-type-simple"},"featured_image_urls":{"full":"","thumbnail":"","medium":"","medium_large":"","large":"","1536x1536":"","2048x2048":"","featured-thumb":"","ab-block-post-grid-landscape":"","ab-block-post-grid-square":"","author-pro-image":"","slider":"","woocommerce_thumbnail":"","woocommerce_single":"","woocommerce_gallery_thumbnail":"","sow-carousel-default":""},"post_excerpt_stackable":"<p>Title : LET ME FALL BUT NOT THE BIRD<\/p>\n<p>Dimensions : <span class=\"OYPEnA font-feature-liga-off font-feature-clig-off font-feature-calt-off text-decoration-none text-strikethrough-none\">22,75&#215;30,5CM<\/span><\/p>\n<p>Techniques : <span class=\"OYPEnA font-feature-liga-off font-feature-clig-off font-feature-calt-off text-decoration-none text-strikethrough-none\">Colored Pencils, Acrylic on Paper (<\/span><span class=\"OYPEnA font-feature-liga-off font-feature-clig-off font-feature-calt-off text-decoration-none text-strikethrough-none\">SPECIALLY FRAMED)<\/span><\/p>\n","category_list":"","author_info":{"name":"Lou","url":"https:\/\/joyana.fr\/ja\/author\/lou\/"},"comments_num":"0 comments","featured_image_urls_v2":{"full":"","thumbnail":"","medium":"","medium_large":"","large":"","1536x1536":"","2048x2048":"","featured-thumb":"","ab-block-post-grid-landscape":"","ab-block-post-grid-square":"","author-pro-image":"","slider":"","woocommerce_thumbnail":"","woocommerce_single":"","woocommerce_gallery_thumbnail":"","sow-carousel-default":""},"post_excerpt_stackable_v2":"<p>Title : LET ME FALL BUT NOT THE BIRD<\/p>\n<p>Dimensions : <span class=\"OYPEnA font-feature-liga-off font-feature-clig-off font-feature-calt-off text-decoration-none text-strikethrough-none\">22,75&#215;30,5CM<\/span><\/p>\n<p>Techniques : <span class=\"OYPEnA font-feature-liga-off font-feature-clig-off font-feature-calt-off text-decoration-none text-strikethrough-none\">Colored Pencils, Acrylic on Paper (<\/span><span class=\"OYPEnA font-feature-liga-off font-feature-clig-off font-feature-calt-off text-decoration-none text-strikethrough-none\">SPECIALLY FRAMED)<\/span><\/p>\n","category_list_v2":"","author_info_v2":{"name":"Lou","url":"https:\/\/joyana.fr\/ja\/author\/lou\/"},"comments_num_v2":"0 comments","yoast_head":"<!-- This site is optimized with the Yoast SEO plugin v26.8 - https:\/\/yoast.com\/product\/yoast-seo-wordpress\/ -->\n<title>LET ME FALL BUT NOT THE BIRD -  - LET ME FALL BUT NOT THE BIRD - RYOL[:]<\/title>\n<meta name=\"robots\" content=\"index, follow, max-snippet:-1, max-image-preview:large, max-video-preview:-1\" \/>\n<link rel=\"canonical\" href=\"https:\/\/www.joyana.fr\/en\/gallery\/let-me-fall-but-not-the-bird-ryol\/\" \/>\n<meta property=\"og:locale\" content=\"ja_JP\" \/>\n<meta property=\"og:locale:alternate\" content=\"fr_FR\" \/>\n<meta property=\"og:locale:alternate\" content=\"en_US\" \/>\n<meta property=\"og:type\" content=\"article\" \/>\n<meta property=\"og:title\" content=\"LET ME FALL BUT NOT THE BIRD - RYOL\" \/>\n<meta property=\"og:description\" content=\"Title : LET ME FALL BUT NOT THE BIRD  Dimensions : 22,75x30,5CM  Techniques : Colored Pencils, Acrylic on Paper (SPECIALLY FRAMED)\" \/>\n<meta property=\"og:url\" content=\"https:\/\/joyana.fr\/ja\/gallery\/let-me-fall-but-not-the-bird-ryol\/\" \/>\n<meta property=\"og:site_name\" content=\"JO YANA\" \/>\n<meta property=\"article:modified_time\" content=\"2025-02-13T20:13:18+00:00\" \/>\n<meta name=\"twitter:card\" content=\"summary_large_image\" \/>\n<meta name=\"twitter:site\" content=\"@Jo_Yana\" \/>\n<meta name=\"twitter:label1\" content=\"\u63a8\u5b9a\u8aad\u307f\u53d6\u308a\u6642\u9593\" \/>\n\t<meta name=\"twitter:data1\" content=\"1\u5206\" \/>\n<script type=\"application\/ld+json\" class=\"yoast-schema-graph\">{\"@context\":\"https:\/\/schema.org\",\"@graph\":[{\"@type\":\"WebPage\",\"@id\":\"https:\/\/www.joyana.fr\/en\/gallery\/let-me-fall-but-not-the-bird-ryol\/\",\"url\":\"https:\/\/www.joyana.fr\/en\/gallery\/let-me-fall-but-not-the-bird-ryol\/\",\"name\":\"LET ME FALL BUT NOT THE BIRD - RYOL\",\"isPartOf\":{\"@id\":\"https:\/\/joyana.fr\/#website\"},\"datePublished\":\"2025-02-13T20:09:13+00:00\",\"dateModified\":\"2025-02-13T20:13:18+00:00\",\"breadcrumb\":{\"@id\":\"https:\/\/www.joyana.fr\/en\/gallery\/let-me-fall-but-not-the-bird-ryol\/#breadcrumb\"},\"inLanguage\":\"ja\",\"potentialAction\":[{\"@type\":\"ReadAction\",\"target\":[\"https:\/\/www.joyana.fr\/en\/gallery\/let-me-fall-but-not-the-bird-ryol\/\"]}]},{\"@type\":\"BreadcrumbList\",\"@id\":\"https:\/\/www.joyana.fr\/en\/gallery\/let-me-fall-but-not-the-bird-ryol\/#breadcrumb\",\"itemListElement\":[{\"@type\":\"ListItem\",\"position\":1,\"name\":\"Accueil\",\"item\":\"https:\/\/joyana.fr\/\"},{\"@type\":\"ListItem\",\"position\":2,\"name\":\"GALLERY JO YANA\",\"item\":\"https:\/\/joyana.fr\/en\/artgallery\/\"},{\"@type\":\"ListItem\",\"position\":3,\"name\":\"LET ME FALL BUT NOT THE BIRD &#8211; RYOL\"}]},{\"@type\":\"WebSite\",\"@id\":\"https:\/\/joyana.fr\/#website\",\"url\":\"https:\/\/joyana.fr\/\",\"name\":\"JO YANA\",\"description\":\"Blog Mode Homme, Lifestyle, D\u00e9co-Design\",\"publisher\":{\"@id\":\"https:\/\/joyana.fr\/#\/schema\/person\/cf2a1ad12a27c12c21801075bf37407c\"},\"potentialAction\":[{\"@type\":\"SearchAction\",\"target\":{\"@type\":\"EntryPoint\",\"urlTemplate\":\"https:\/\/joyana.fr\/?s={search_term_string}\"},\"query-input\":{\"@type\":\"PropertyValueSpecification\",\"valueRequired\":true,\"valueName\":\"search_term_string\"}}],\"inLanguage\":\"ja\"},{\"@type\":[\"Person\",\"Organization\"],\"@id\":\"https:\/\/joyana.fr\/#\/schema\/person\/cf2a1ad12a27c12c21801075bf37407c\",\"name\":\"Jo Yana\",\"image\":{\"@type\":\"ImageObject\",\"inLanguage\":\"ja\",\"@id\":\"https:\/\/joyana.fr\/#\/schema\/person\/image\/\",\"url\":\"https:\/\/i0.wp.com\/joyana.fr\/wp-content\/uploads\/2016\/08\/cropped-joyana-logo-black-360x180.png?fit=343%2C164&ssl=1\",\"contentUrl\":\"https:\/\/i0.wp.com\/joyana.fr\/wp-content\/uploads\/2016\/08\/cropped-joyana-logo-black-360x180.png?fit=343%2C164&ssl=1\",\"width\":343,\"height\":164,\"caption\":\"Jo Yana\"},\"logo\":{\"@id\":\"https:\/\/joyana.fr\/#\/schema\/person\/image\/\"},\"description\":\"Jo Yana est le cr\u00e9ateur et r\u00e9dacteur en chef des sites DECO-DESIGN. Passionn\u00e9 de Design, Mode, Photo, Luxe, Lifestyle, Musique, mais avant tout Blogueur ! Le plaisir de partager l'anime et a comme devise \\\"POUR L'AMOUR DU BEAU\\\". Retrouvez le aussi sur son blog personnel - https:\/\/joyana.fr...\",\"sameAs\":[\"https:\/\/joyana.fr\/\"]}]}<\/script>\n<!-- \/ Yoast SEO plugin. -->","yoast_head_json":{"title":"LET ME FALL BUT NOT THE BIRD -  - LET ME FALL BUT NOT THE BIRD - RYOL[:]","robots":{"index":"index","follow":"follow","max-snippet":"max-snippet:-1","max-image-preview":"max-image-preview:large","max-video-preview":"max-video-preview:-1"},"canonical":"https:\/\/www.joyana.fr\/en\/gallery\/let-me-fall-but-not-the-bird-ryol\/","og_locale":"ja_JP","og_type":"article","og_title":"[:fr]LET ME FALL BUT NOT THE BIRD - RYOL[:en]LET ME FALL BUT NOT THE BIRD - RYOL[:ja]LET ME FALL BUT NOT THE BIRD - RYOL[:]","og_description":"Title : LET ME FALL BUT NOT THE BIRD  Dimensions : 22,75x30,5CM  Techniques : Colored Pencils, Acrylic on Paper (SPECIALLY FRAMED)","og_url":"https:\/\/joyana.fr\/ja\/gallery\/let-me-fall-but-not-the-bird-ryol\/","og_site_name":"JO YANA","article_modified_time":"2025-02-13T20:13:18+00:00","twitter_card":"summary_large_image","twitter_site":"@Jo_Yana","twitter_misc":{"\u63a8\u5b9a\u8aad\u307f\u53d6\u308a\u6642\u9593":"1\u5206"},"schema":{"@context":"https:\/\/schema.org","@graph":[{"@type":"WebPage","@id":"https:\/\/www.joyana.fr\/en\/gallery\/let-me-fall-but-not-the-bird-ryol\/","url":"https:\/\/www.joyana.fr\/en\/gallery\/let-me-fall-but-not-the-bird-ryol\/","name":"LET ME FALL BUT NOT THE BIRD - RYOL","isPartOf":{"@id":"https:\/\/joyana.fr\/#website"},"datePublished":"2025-02-13T20:09:13+00:00","dateModified":"2025-02-13T20:13:18+00:00","breadcrumb":{"@id":"https:\/\/www.joyana.fr\/en\/gallery\/let-me-fall-but-not-the-bird-ryol\/#breadcrumb"},"inLanguage":"ja","potentialAction":[{"@type":"ReadAction","target":["https:\/\/www.joyana.fr\/en\/gallery\/let-me-fall-but-not-the-bird-ryol\/"]}]},{"@type":"BreadcrumbList","@id":"https:\/\/www.joyana.fr\/en\/gallery\/let-me-fall-but-not-the-bird-ryol\/#breadcrumb","itemListElement":[{"@type":"ListItem","position":1,"name":"Accueil","item":"https:\/\/joyana.fr\/"},{"@type":"ListItem","position":2,"name":"GALLERY JO YANA","item":"https:\/\/joyana.fr\/en\/artgallery\/"},{"@type":"ListItem","position":3,"name":"LET ME FALL BUT NOT THE BIRD &#8211; RYOL"}]},{"@type":"WebSite","@id":"https:\/\/joyana.fr\/#website","url":"https:\/\/joyana.fr\/","name":"JO YANA","description":"Blog Mode Homme, Lifestyle, D\u00e9co-Design","publisher":{"@id":"https:\/\/joyana.fr\/#\/schema\/person\/cf2a1ad12a27c12c21801075bf37407c"},"potentialAction":[{"@type":"SearchAction","target":{"@type":"EntryPoint","urlTemplate":"https:\/\/joyana.fr\/?s={search_term_string}"},"query-input":{"@type":"PropertyValueSpecification","valueRequired":true,"valueName":"search_term_string"}}],"inLanguage":"ja"},{"@type":["Person","Organization"],"@id":"https:\/\/joyana.fr\/#\/schema\/person\/cf2a1ad12a27c12c21801075bf37407c","name":"Jo Yana","image":{"@type":"ImageObject","inLanguage":"ja","@id":"https:\/\/joyana.fr\/#\/schema\/person\/image\/","url":"https:\/\/i0.wp.com\/joyana.fr\/wp-content\/uploads\/2016\/08\/cropped-joyana-logo-black-360x180.png?fit=343%2C164&ssl=1","contentUrl":"https:\/\/i0.wp.com\/joyana.fr\/wp-content\/uploads\/2016\/08\/cropped-joyana-logo-black-360x180.png?fit=343%2C164&ssl=1","width":343,"height":164,"caption":"Jo Yana"},"logo":{"@id":"https:\/\/joyana.fr\/#\/schema\/person\/image\/"},"description":"Jo Yana est le cr\u00e9ateur et r\u00e9dacteur en chef des sites DECO-DESIGN. Passionn\u00e9 de Design, Mode, Photo, Luxe, Lifestyle, Musique, mais avant tout Blogueur ! Le plaisir de partager l'anime et a comme devise \"POUR L'AMOUR DU BEAU\". Retrouvez le aussi sur son blog personnel - https:\/\/joyana.fr...","sameAs":["https:\/\/joyana.fr\/"]}]}},"uagb_featured_image_src":{"full":false,"thumbnail":false,"medium":false,"medium_large":false,"large":false,"1536x1536":false,"2048x2048":false,"featured-thumb":false,"ab-block-post-grid-landscape":false,"ab-block-post-grid-square":false,"author-pro-image":false,"slider":false,"woocommerce_thumbnail":false,"woocommerce_single":false,"woocommerce_gallery_thumbnail":false,"sow-carousel-default":false},"uagb_author_info":{"display_name":"Lou","author_link":"https:\/\/joyana.fr\/ja\/author\/lou\/"},"uagb_comment_info":0,"uagb_excerpt":"Title : LET ME FALL BUT NOT THE BIRD Dimensions : 22,75&hellip;","featured_img":false,"coauthors":[],"author_meta":{"author_link":"https:\/\/joyana.fr\/ja\/author\/lou\/","display_name":"Lou"},"relative_dates":{"created":"Posted 1\u5e74 ago","modified":"Updated 1\u5e74 ago"},"absolute_dates":{"created":"Posted on 13 2\u6708 2025","modified":"Updated on 13 2\u6708 2025"},"absolute_dates_time":{"created":"Posted on 13 2\u6708 2025 22:09","modified":"Updated on 13 2\u6708 2025 22:13"},"featured_img_caption":"","tax_additional":{"product_type":{"linked":["<a href=\"https:\/\/joyana.fr\/ja\/?taxonomy=product_type&#038;term=simple\" class=\"advgb-post-tax-term\">simple<\/a>"],"unlinked":["<span class=\"advgb-post-tax-term\">simple<\/span>"],"slug":"product_type","name":"\u5546\u54c1\u30bf\u30a4\u30d7"},"product_visibility":{"linked":[],"unlinked":[],"slug":"product_visibility","name":"\u5546\u54c1\u306e\u8868\u793a\u8a2d\u5b9a"},"product_cat":{"linked":["<a href=\"https:\/\/joyana.fr\/ja\/artgallery\/oeuvres\/oeuvres-sur-demande\/\" class=\"advgb-post-tax-term\"><\/a>","<a href=\"https:\/\/joyana.fr\/ja\/artgallery\/nos-artistes\/ryol\/\" class=\"advgb-post-tax-term\">RYOL<\/a>","<a href=\"https:\/\/joyana.fr\/ja\/artgallery\/oeuvres\/oeuvres-disponibles\/toile\/\" class=\"advgb-post-tax-term\">Toile<\/a>"],"unlinked":["<span class=\"advgb-post-tax-term\"><\/span>","<span class=\"advgb-post-tax-term\">RYOL<\/span>","<span class=\"advgb-post-tax-term\">Toile<\/span>"],"slug":"product_cat","name":"\u5546\u54c1\u30ab\u30c6\u30b4\u30ea\u30fc"},"product_tag":{"linked":[],"unlinked":[],"slug":"product_tag","name":"\u5546\u54c1\u30bf\u30b0"},"product_shipping_class":{"linked":[],"unlinked":[],"slug":"product_shipping_class","name":"\u5546\u54c1\u306e\u914d\u9001\u30af\u30e9\u30b9"},"pa_color":{"linked":[],"unlinked":[],"slug":"pa_color","name":"\u5546\u54c1 Couleurs"},"pa_frhoraires":{"linked":[],"unlinked":[],"slug":"pa_frhoraires","name":"\u5546\u54c1 Horaires"}},"series_order":"","jetpack_sharing_enabled":true,"jetpack-related-posts":[],"_links":{"self":[{"href":"https:\/\/joyana.fr\/ja\/wp-json\/wp\/v2\/product\/151429","targetHints":{"allow":["GET"]}}],"collection":[{"href":"https:\/\/joyana.fr\/ja\/wp-json\/wp\/v2\/product"}],"about":[{"href":"https:\/\/joyana.fr\/ja\/wp-json\/wp\/v2\/types\/product"}],"wp:attachment":[{"href":"https:\/\/joyana.fr\/ja\/wp-json\/wp\/v2\/media?parent=151429"}],"wp:term":[{"taxonomy":"product_cat","embeddable":true,"href":"https:\/\/joyana.fr\/ja\/wp-json\/wp\/v2\/product_cat?post=151429"},{"taxonomy":"product_tag","embeddable":true,"href":"https:\/\/joyana.fr\/ja\/wp-json\/wp\/v2\/product_tag?post=151429"}],"curies":[{"name":"wp","href":"https:\/\/api.w.org\/{rel}","templated":true}]}}